{"id":3598,"date":"2024-09-18T18:49:00","date_gmt":"2024-09-18T18:49:00","guid":{"rendered":"https:\/\/delingvo.de\/?page_id=3598"},"modified":"2025-09-12T15:42:31","modified_gmt":"2025-09-12T15:42:31","slug":"genel-huekuem-ve-kosullar","status":"publish","type":"page","link":"https:\/\/delingvo.de\/tr\/allgemeine-geschaeftsbedingungen-agb\/","title":{"rendered":"Genel H\u00fck\u00fcm ve Ko\u015fullar (AGB)"},"content":{"rendered":"<p><strong>DeLingvo UG'nin Genel H\u00fck\u00fcm ve Ko\u015fullar\u0131 (GTC) - Bir bak\u0131\u015fta haklar\u0131n\u0131z ve y\u00fck\u00fcml\u00fcl\u00fckleriniz<\/strong><\/p>\n<p><strong>DeLingvo UG - Wendenstra\u00dfe 29, 20097 Hamburg<\/strong><br \/>\nBurada, e\u011fitim programlar\u0131m\u0131za kat\u0131l\u0131m s\u00f6zle\u015fmeleri ve ko\u015fullar\u0131 ile ilgili t\u00fcm bilgileri bulabilirsiniz. Her zaman \u015feffafl\u0131k ve a\u00e7\u0131kl\u0131\u011fa odaklan\u0131yoruz.<\/p>\n<hr \/>\n<h3><strong>\u00a7 1 Uygulama kapsam\u0131 - Genel H\u00fck\u00fcm ve Ko\u015fullar (G\u015eK)<\/strong><\/h3>\n<p>Bu Genel H\u00fck\u00fcm ve Ko\u015fullar (GTC) DeLingvo UG'nin t\u00fcm e\u011fitim programlar\u0131 i\u00e7in ge\u00e7erlidir.<br \/>\nSapt\u0131r\u0131c\u0131 veya tamamlay\u0131c\u0131 h\u00fck\u00fcmler sadece yaz\u0131l\u0131 onay ile ge\u00e7erli olur.<br \/>\nKay\u0131t olur olmaz, bu G\u015eK'yi ba\u011flay\u0131c\u0131 olarak kabul etmi\u015f olursunuz.<\/p>\n<hr \/>\n<h3><strong>\u00a7 2 S\u00f6zle\u015fmenin konusu<\/strong><\/h3>\n<p>DeLingvo UG, AZAV sertifikal\u0131 e\u011fitim programlar\u0131 sunmaktad\u0131r.<br \/>\n\u0130\u00e7erik, prosed\u00fcr ve kapsamla ilgili ayr\u0131nt\u0131lar, s\u00f6zle\u015fmenin ayr\u0131lmaz bir par\u00e7as\u0131 olan ilgili kurs a\u00e7\u0131klamalar\u0131nda belirtilmi\u015ftir.<br \/>\nGerekirse, program\u0131n genel karakteri de\u011fi\u015fmedi\u011fi s\u00fcrece kurs program\u0131n\u0131 de\u011fi\u015ftirme hakk\u0131m\u0131z\u0131 sakl\u0131 tutar\u0131z.<\/p>\n<hr \/>\n<h3><strong>\u00a7 3 S\u00f6zle\u015fmenin tescili ve imzalanmas\u0131<\/strong><\/h3>\n<p>E\u011fitim programlar\u0131m\u0131za kay\u0131t yaz\u0131l\u0131 olarak veya e-posta yoluyla yap\u0131lmal\u0131d\u0131r ve ba\u011flay\u0131c\u0131d\u0131r.<br \/>\nS\u00f6zle\u015fme ancak bizden yaz\u0131l\u0131 bir onay ald\u0131\u011f\u0131n\u0131zda tamamlanm\u0131\u015f olur.<br \/>\nL\u00fctfen kat\u0131l\u0131m\u0131n sadece \u00fccretlerin tamam\u0131n\u0131n \u00f6denmesi veya bir finansman kurumu (\u00f6rne\u011fin i\u015f merkezi) taraf\u0131ndan kar\u015f\u0131lanmas\u0131 durumunda m\u00fcmk\u00fcn oldu\u011funu unutmay\u0131n.<\/p>\n<hr \/>\n<h3><strong>\u00a7 4 Kat\u0131l\u0131m \u00fccretleri ve \u00f6deme ko\u015fullar\u0131<\/strong><\/h3>\n<p>\u00dccretlerin miktar\u0131 ya mevcut fiyat listelerimize ya da bireysel anla\u015fmalara ba\u011fl\u0131d\u0131r.<br \/>\n\u00dc\u00e7\u00fcnc\u00fc taraflar\u0131n (\u00f6rne\u011fin i\u015f merkezleri) masraflar\u0131 kar\u015f\u0131lamas\u0131 durumunda, masraflar do\u011frudan masraf\u0131 kar\u015f\u0131layan tarafla \u00f6denir.<br \/>\nMasraflar\u0131n tamam\u0131n\u0131n kar\u015f\u0131lanmas\u0131 garanti edilmezse, kalan tutarlar\u0131n kurs ba\u015flamadan \u00f6nce \u00f6denmesi gerekir.<\/p>\n<hr \/>\n<h3><strong>\u00a7 5 \u0130ptal ve fesih<\/strong><\/h3>\n<p>M\u00fccbir sebepler veya organizasyonel nedenler (\u00f6rn. \u00e7ok az kat\u0131l\u0131mc\u0131) gibi belirli ko\u015fullar alt\u0131nda etkinlikleri iptal etme hakk\u0131m\u0131z\u0131 sakl\u0131 tutar\u0131z.<br \/>\nBu gibi durumlarda, ba\u011flay\u0131c\u0131 olmamak kayd\u0131yla alternatif bir tarih \u00f6nerebiliriz.<br \/>\nBuna ek olarak, kat\u0131l\u0131mc\u0131lar s\u00f6zle\u015fmenin imzalanmas\u0131ndan itibaren 14 g\u00fcn i\u00e7inde, ancak sadece kursun ba\u015flang\u0131c\u0131na kadar \u00fccretsiz iptal hakk\u0131na sahiptir.<br \/>\nT\u00fcm istifa ve iptallerin ge\u00e7erli olabilmesi i\u00e7in yaz\u0131l\u0131 olarak yap\u0131lmas\u0131 gerekmektedir.<\/p>\n<hr \/>\n<h3><strong>\u00a7 6 Kat\u0131lma y\u00fck\u00fcml\u00fcl\u00fc\u011f\u00fc ve d\u0131\u015flanma<\/strong><\/h3>\n<p>D\u00fczenli devaml\u0131l\u0131k ve ekibimizin talimatlar\u0131na uyum zorunludur.<br \/>\nBir kat\u0131l\u0131mc\u0131n\u0131n davran\u0131\u015f\u0131 tedbirin gidi\u015fat\u0131n\u0131 bozar veya ba\u015far\u0131s\u0131n\u0131 tehlikeye atarsa, kat\u0131l\u0131mc\u0131y\u0131 d\u0131\u015far\u0131da b\u0131rakma hakk\u0131m\u0131z\u0131 sakl\u0131 tutar\u0131z.<\/p>\n<hr \/>\n<h3><strong>\u00a7 7 Sorumluluk<\/strong><\/h3>\n<p>Sorumlulu\u011fumuz, kas\u0131tl\u0131 veya a\u011f\u0131r ihmalkar davran\u0131\u015flardan kaynaklanan zararlarla s\u0131n\u0131rl\u0131d\u0131r.<br \/>\nYaln\u0131zca s\u00f6zle\u015fmeden do\u011fan \u00f6nemli y\u00fck\u00fcml\u00fcl\u00fcklerin ihlali durumunda hafif ihmalden sorumlu olaca\u011f\u0131z.<br \/>\nKat\u0131l\u0131mc\u0131lar\u0131n ki\u015fisel e\u015fyalar\u0131 sorumlulu\u011fumuz d\u0131\u015f\u0131ndad\u0131r.<\/p>\n<hr \/>\n<h3><strong>\u00a7 8 Veri koruma<\/strong><\/h3>\n<p>Ki\u015fisel verileri kesinlikle GDPR ve BDSG h\u00fck\u00fcmlerine uygun olarak toplar ve i\u015fleriz.<br \/>\nAyr\u0131nt\u0131l\u0131 bilgi gizlilik politikam\u0131zda bulunabilir.<\/p>\n<hr \/>\n<h3><strong>\u00a7 9 Telif hakk\u0131 ve \u00f6\u011fretim materyalleri<\/strong><\/h3>\n<p>Sa\u011flanan t\u00fcm \u00f6\u011fretim materyalleri telif hakk\u0131 ile korunmaktad\u0131r.<br \/>\nBunlar yaln\u0131zca ki\u015fisel kullan\u0131m i\u00e7in kullan\u0131labilir ve \u00e7o\u011falt\u0131lamaz veya da\u011f\u0131t\u0131lamaz.<\/p>\n<hr \/>\n<h3><strong>\u00a7 10 De\u011fi\u015fiklikler ve ilaveler<\/strong><\/h3>\n<p>Bu Genel H\u00fck\u00fcm ve Ko\u015fullarda (G\u015eK) de\u011fi\u015fiklik yapma hakk\u0131m\u0131z sakl\u0131d\u0131r.<br \/>\nHer zaman g\u00fcncel olman\u0131z i\u00e7in bu t\u00fcr de\u011fi\u015fiklikleri zaman\u0131nda size bildirece\u011fiz.<br \/>\nBir h\u00fckm\u00fcn ge\u00e7ersiz olmas\u0131 halinde, geri kalan h\u00fck\u00fcmler yine de ge\u00e7erli kalacakt\u0131r.<\/p>\n<hr \/>\n<h3><strong>\u00a7 11 Yarg\u0131 yeri ve uygulanacak hukuk<\/strong><\/h3>\n<p>Bu s\u00f6zle\u015fmeden do\u011fan t\u00fcm anla\u015fmazl\u0131klar i\u00e7in yarg\u0131 yeri, kat\u0131l\u0131mc\u0131n\u0131n bir t\u00fcccar veya kamu hukukuna tabi bir t\u00fczel ki\u015filik olmas\u0131 ko\u015fuluyla Hamburg'dur.<br \/>\nFederal Almanya Cumhuriyeti yasalar\u0131 m\u00fcnhas\u0131ran uygulanacakt\u0131r.<\/p>\n<hr \/>\n<p><strong>DeLingvo UG - Hamburg'daki e\u011fitim orta\u011f\u0131n\u0131z<\/strong><br \/>\n\ud83d\udccd <strong>Adres:<\/strong> Wendenstra\u00dfe 29, 20097 Hamburg<br \/>\n\ud83d\udcde <strong>Telefon:<\/strong> 040 23813117<br \/>\n\ud83d\udce7 <strong>E-Mail:<\/strong> <a href=\"mailto:info@delingvo.de\">info@delingvo.de<\/a><\/p>\n<hr \/>\n<p>&nbsp;<\/p>","protected":false},"excerpt":{"rendered":"<p>Allgemeine Gesch\u00e4ftsbedingungen (AGB) der DeLingvo UG \u2013 Ihre Rechte und Pflichten im \u00dcberblick DeLingvo UG \u2013 Wendenstra\u00dfe 29, 20097 Hamburg [&hellip;]<\/p>\n","protected":false},"author":1,"featured_media":4237,"parent":0,"menu_order":0,"comment_status":"closed","ping_status":"closed","template":"","meta":{"footnotes":""},"class_list":["post-3598","page","type-page","status-publish","has-post-thumbnail","hentry"],"_links":{"self":[{"href":"https:\/\/delingvo.de\/tr\/wp-json\/wp\/v2\/pages\/3598","targetHints":{"allow":["GET"]}}],"collection":[{"href":"https:\/\/delingvo.de\/tr\/wp-json\/wp\/v2\/pages"}],"about":[{"href":"https:\/\/delingvo.de\/tr\/wp-json\/wp\/v2\/types\/page"}],"author":[{"embeddable":true,"href":"https:\/\/delingvo.de\/tr\/wp-json\/wp\/v2\/users\/1"}],"replies":[{"embeddable":true,"href":"https:\/\/delingvo.de\/tr\/wp-json\/wp\/v2\/comments?post=3598"}],"version-history":[{"count":2,"href":"https:\/\/delingvo.de\/tr\/wp-json\/wp\/v2\/pages\/3598\/revisions"}],"predecessor-version":[{"id":5147,"href":"https:\/\/delingvo.de\/tr\/wp-json\/wp\/v2\/pages\/3598\/revisions\/5147"}],"wp:featuredmedia":[{"embeddable":true,"href":"https:\/\/delingvo.de\/tr\/wp-json\/wp\/v2\/media\/4237"}],"wp:attachment":[{"href":"https:\/\/delingvo.de\/tr\/wp-json\/wp\/v2\/media?parent=3598"}],"curies":[{"name":"wp","href":"https:\/\/api.w.org\/{rel}","templated":true}]}}