{"id":4212,"date":"2024-11-29T17:45:43","date_gmt":"2024-11-29T17:45:43","guid":{"rendered":"https:\/\/delingvo.de\/?page_id=4212"},"modified":"2025-11-24T19:49:31","modified_gmt":"2025-11-24T19:49:31","slug":"sirket-teklifleri","status":"publish","type":"page","link":"https:\/\/delingvo.de\/tr\/firmenangebote\/","title":{"rendered":"\u015eirket teklifleri"},"content":{"rendered":"<h1>\u015eirket Teklifleri \u2013 \u0130\u015fletmeniz i\u00e7in Profesyonel Dil \u00c7\u00f6z\u00fcmleri<\/h1>\n<p>DeLingvo'nun \u00f6zel T\u00fcrk\u00e7e kurslar\u0131yla ekibinizi g\u00fc\u00e7lendirin.<\/p>\n<p>Net ve hassas ileti\u015fim, uluslararas\u0131 ekiplerde ba\u015far\u0131n\u0131n belirleyici bir fakt\u00f6r\u00fcd\u00fcr. \u00d6zel olarak tasarlanm\u0131\u015f kurum i\u00e7i kurslar\u0131m\u0131z, \u00e7al\u0131\u015fanlar\u0131n\u0131z\u0131n Alman i\u015f d\u00fcnyas\u0131nda dilsel ve k\u00fclt\u00fcrel a\u00e7\u0131dan g\u00fcvenle hareket etmesini destekler.<br \/>\n\u0130ster \u00e7evrim i\u00e7i, ister yerinde veya hibrit olsun; \u015firketinizin gereksinimlerine esnek bir \u015fekilde uyum sa\u011fl\u0131yoruz.<\/p>\n<hr \/>\n<h2>Kurumsal tekliflerimiz<\/h2>\n<h3>Bireysel Almanca kurslar\u0131<\/h3>\n<p>\u00c7al\u0131\u015fanlar\u0131n\u0131z\u0131n mesleki gereksinimlerine, sekt\u00f6r\u00fcne ve dil seviyesine g\u00f6re \u00f6zel olarak tasarlanm\u0131\u015ft\u0131r.<\/p>\n<h3>Esnek \u00f6\u011frenme<\/h3>\n<p>\u00c7evrim i\u00e7i, \u015firketinizde veya hibrit \u2013 e\u011fitimi g\u00fcnl\u00fck \u00e7al\u0131\u015fma hayat\u0131na sorunsuz bir \u015fekilde entegre ediyoruz.<\/p>\n<h3>Mesle\u011fe \u00f6zel odaklanma<\/h3>\n<p>\u0130\u015f yerinde ileti\u015fim: toplant\u0131lar, e-postalar, telefon g\u00f6r\u00fc\u015fmeleri, raporlar ve profesyonel yaz\u0131\u015fmalar.<\/p>\n<h3>Entegrasyon ve K\u00fclt\u00fcr<\/h3>\n<p>Mesleki ortamda daha iyi oryantasyon i\u00e7in Alman \u00e7al\u0131\u015fma ve \u015firket k\u00fclt\u00fcr\u00fcn\u00fcn aktar\u0131lmas\u0131.<\/p>\n<hr \/>\n<h2>E\u011fitim formatlar\u0131<\/h2>\n<h3>Bireysel ko\u00e7luk<\/h3>\n<p>Uzmanlar ve y\u00f6neticiler i\u00e7in yo\u011fun bireysel e\u011fitim \u2013 gizli, verimli, hedef odakl\u0131.<\/p>\n<h3>Grup kurslar\u0131<\/h3>\n<p>Birlikte \u00f6\u011frenmek ve b\u00fcy\u00fcmek isteyen uluslararas\u0131 ekipler i\u00e7in ideal.<\/p>\n<h3>\u0130\u015f \u0130\u00e7in Almanca<\/h3>\n<p>Sekt\u00f6rel ve mesle\u011fe \u00f6zg\u00fc kelime da\u011farc\u0131\u011f\u0131, ger\u00e7ek ileti\u015fim durumlar\u0131yla birle\u015ftirilmi\u015ftir.<\/p>\n<h3>K\u00fclt\u00fcrleraras\u0131 e\u011fitim<\/h3>\n<p>Alman \u00e7al\u0131\u015fma y\u00f6ntemleri, yap\u0131lar\u0131 ve beklentilerine y\u00f6nelik anlay\u0131\u015f\u0131n derinle\u015ftirilmesi.<\/p>\n<h3>Almanca'da sosyal beceriler<\/h3>\n<p>Profesyonel sunumlar, m\u00fczakereler, m\u00fc\u015fteri g\u00f6r\u00fc\u015fmeleri ve toplant\u0131 ileti\u015fimi.<\/p>\n<h3>Konu\u015fma kurslar\u0131<\/h3>\n<p>S\u00f6zl\u00fc ifade becerisinin ve dilsel \u00f6zg\u00fcvenin hedef odakl\u0131 geli\u015ftirilmesi.<\/p>\n<h3>S\u0131nav haz\u0131rl\u0131\u011f\u0131<\/h3>\n<p>telc, Goethe veya DTZ gibi tan\u0131nm\u0131\u015f s\u0131navlara sistematik haz\u0131rl\u0131k.<\/p>\n<hr \/>\n<h2>Metot ve Avantajlar<\/h2>\n<h3>Uygulama odakl\u0131 \/ Prati\u011fe y\u00f6nelik<\/h3>\n<p>\u00d6l\u00e7\u00fclebilir sonu\u00e7lar i\u00e7in t\u00fcm i\u00e7erikler g\u00fcnl\u00fck i\u015f ya\u015fam\u0131nda hemen uygulanabilir.<\/p>\n<h3>Multimedya<\/h3>\n<p>Etkile\u015fimli materyaller, al\u0131\u015ft\u0131rmalar, video mod\u00fclleri ve dijital yard\u0131mc\u0131 materyaller.<\/p>\n<h3>K\u00fclt\u00fcrel olarak temellendirilmi\u015f \/ K\u00fclt\u00fcrel a\u00e7\u0131dan sa\u011flam<\/h3>\n<p>Daha iyi bir birle\u015fim i\u00e7in ilgili k\u00fclt\u00fcrel yeterlilikle desteklenen dil e\u011fitimi.<\/p>\n<hr \/>\n<h2>\u015eirketiniz i\u00e7in avantajlar<\/h2>\n<ul>\n<li><strong>Verimlilik art\u0131\u015f\u0131:<\/strong> Ekip i\u00e7inde ve m\u00fc\u015fterilerle daha iyi ileti\u015fim<\/li>\n<li><strong>K\u00fclt\u00fcrel entegrasyon:<\/strong> Uluslararas\u0131 \u00e7al\u0131\u015fanlar\u0131n daha h\u0131zl\u0131 uyum sa\u011flamas\u0131<\/li>\n<li><strong>\u00c7al\u0131\u015fanlar\u0131 elde tutma:<\/strong> Cazip e\u011fitim f\u0131rsatlar\u0131 sadakati g\u00fc\u00e7lendirir<\/li>\n<li><strong>Azalt\u0131lm\u0131\u015f yanl\u0131\u015f anlamalar:<\/strong> S\u00fcre\u00e7lerde ve projelerde dilsel g\u00fcvenlik \/ g\u00fcvenilirlik<\/li>\n<\/ul>\n<hr \/>\n<h2>Kurumsal kursa giden yolunuz<\/h2>\n<ol>\n<li><strong>\u0130htiya\u00e7 analizi:<\/strong> Hedefleri, i\u00e7erikleri ve formatlar\u0131 biz tan\u0131ml\u0131yoruz.<\/li>\n<li><strong>Kurs planlamas\u0131:<\/strong> \u00c7al\u0131\u015fma saatlerine ve ekip yap\u0131lar\u0131na uyarlanm\u0131\u015f esnek zamanlama modelleri.<\/li>\n<li><strong>Uygulama:<\/strong> Mesleki ileti\u015fimde deneyimli nitelikli e\u011fitmenler.<\/li>\n<li><strong>Performans de\u011ferlendirmesi:<\/strong> D\u00fczenli geri bildirimler, \u00f6\u011frenme ilerlemesi ve bitirme sertifikalar\u0131.<\/li>\n<\/ol>\n<hr \/>\n<h2>Bize ula\u015f\u0131n<\/h2>\n<p><strong>Telefon:<\/strong> +49 40 23813117<br \/>\n<strong>Web sitesi:<\/strong> <a href=\"https:\/\/delingvo.de\/tr\/\">www.delingvo.de<\/a><\/p>\n<p><em>DeLingvo ile profesyonel dil deste\u011fine ve kal\u0131c\u0131 integrasyona yat\u0131r\u0131m yap\u0131n.<\/em><\/p>","protected":false},"excerpt":{"rendered":"<p>Firmenangebote \u2013 Professionelle Sprachl\u00f6sungen f\u00fcr Ihr Unternehmen St\u00e4rken Sie Ihr Team mit ma\u00dfgeschneiderten Deutschkursen von DeLingvo. Klare und pr\u00e4zise Kommunikation [&hellip;]<\/p>\n","protected":false},"author":1,"featured_media":4861,"parent":0,"menu_order":4,"comment_status":"open","ping_status":"closed","template":"","meta":{"footnotes":""},"class_list":["post-4212","page","type-page","status-publish","has-post-thumbnail","hentry"],"_links":{"self":[{"href":"https:\/\/delingvo.de\/tr\/wp-json\/wp\/v2\/pages\/4212","targetHints":{"allow":["GET"]}}],"collection":[{"href":"https:\/\/delingvo.de\/tr\/wp-json\/wp\/v2\/pages"}],"about":[{"href":"https:\/\/delingvo.de\/tr\/wp-json\/wp\/v2\/types\/page"}],"author":[{"embeddable":true,"href":"https:\/\/delingvo.de\/tr\/wp-json\/wp\/v2\/users\/1"}],"replies":[{"embeddable":true,"href":"https:\/\/delingvo.de\/tr\/wp-json\/wp\/v2\/comments?post=4212"}],"version-history":[{"count":5,"href":"https:\/\/delingvo.de\/tr\/wp-json\/wp\/v2\/pages\/4212\/revisions"}],"predecessor-version":[{"id":16022,"href":"https:\/\/delingvo.de\/tr\/wp-json\/wp\/v2\/pages\/4212\/revisions\/16022"}],"wp:featuredmedia":[{"embeddable":true,"href":"https:\/\/delingvo.de\/tr\/wp-json\/wp\/v2\/media\/4861"}],"wp:attachment":[{"href":"https:\/\/delingvo.de\/tr\/wp-json\/wp\/v2\/media?parent=4212"}],"curies":[{"name":"wp","href":"https:\/\/api.w.org\/{rel}","templated":true}]}}